{"id":123,"date":"2024-09-30T17:02:31","date_gmt":"2024-09-30T15:02:31","guid":{"rendered":"https:\/\/www.amvmeca.com\/fr\/?page_id=123"},"modified":"2026-01-16T16:58:15","modified_gmt":"2026-01-16T15:58:15","slug":"actus","status":"publish","type":"page","link":"https:\/\/www.amvmeca.com\/fr\/actus","title":{"rendered":"Actualit\u00e9s"},"content":{"rendered":"<div  class='flex_column av-d5wa3-f1fa0bcab9852e40045fb33e3ecb8982 av_one_full  avia-builder-el-0  el_before_av_one_full  avia-builder-el-first  first flex_column_div  '     ><style type=\"text\/css\" data-created_by=\"avia_inline_auto\" id=\"style-css-av-m1rp7e3d-fa75f73874cf9a3f9d7f03a1638fd38c\">\n#top .av-special-heading.av-m1rp7e3d-fa75f73874cf9a3f9d7f03a1638fd38c{\npadding-bottom:10px;\n}\nbody .av-special-heading.av-m1rp7e3d-fa75f73874cf9a3f9d7f03a1638fd38c .av-special-heading-tag .heading-char{\nfont-size:25px;\n}\n.av-special-heading.av-m1rp7e3d-fa75f73874cf9a3f9d7f03a1638fd38c .av-subheading{\nfont-size:15px;\n}\n<\/style>\n<div  class='av-special-heading av-m1rp7e3d-fa75f73874cf9a3f9d7f03a1638fd38c av-special-heading-h1 blockquote modern-quote  avia-builder-el-1  avia-builder-el-no-sibling '><h1 class='av-special-heading-tag '  itemprop=\"headline\"  >Actualit\u00e9s<\/h1><div class=\"special-heading-border\"><div class=\"special-heading-inner-border\"><\/div><\/div><\/div><\/div>\n<div  class='flex_column av-9bxgj-eb3a941b9838e2a8d9ae1bd1476dd286 av_one_full  avia-builder-el-2  el_after_av_one_full  avia-builder-el-last  newsgrid first flex_column_div  column-top-margin'     ><div  data-slideshow-options=\"{&quot;animation&quot;:&quot;fade&quot;,&quot;autoplay&quot;:false,&quot;loop_autoplay&quot;:&quot;once&quot;,&quot;interval&quot;:5,&quot;loop_manual&quot;:&quot;manual-endless&quot;,&quot;autoplay_stopper&quot;:false,&quot;noNavigation&quot;:false,&quot;show_slide_delay&quot;:90}\" class='avia-content-slider avia-content-grid-active avia-content-slider1 avia-content-slider-odd  avia-builder-el-3  avia-builder-el-no-sibling  av-slideshow-ui av-control-default   av-no-slider-navigation av-slideshow-manual av-loop-once av-loop-manual-endless '  itemscope=\"itemscope\" itemtype=\"https:\/\/schema.org\/Blog\" ><div class=\"avia-content-slider-inner\"><div class=\"slide-entry-wrap\"><article class='slide-entry flex_column  post-entry post-entry-624 slide-entry-overview slide-loop-1 slide-parity-odd  av_one_third first real-thumbnail posttype-post post-format-standard'  itemscope=\"itemscope\" itemtype=\"https:\/\/schema.org\/CreativeWork\" ><a href='https:\/\/www.amvmeca.com\/fr\/actus\/fabrication-et-affutage-de-lames-industrielles' data-rel='slide-1' class='slide-image' title='Certificat OFG fabrication, aff\u00fbtage de lames industrielles'><img decoding=\"async\" fetchpriority=\"high\" width=\"495\" height=\"400\" src=\"https:\/\/www.amvmeca.com\/wp-content\/uploads\/2025\/11\/image001-495x400.png\" class=\"wp-image-621 avia-img-lazy-loading-not-621 attachment-portfolio size-portfolio wp-post-image\" alt=\"Attestation OFG AMV MECA Fabrication de lames et affutage\" \/><\/a><div class=\"slide-content\"><header class=\"entry-content-header\" aria-label=\"Slide: Certificat OFG fabrication, aff\u00fbtage de lames industrielles\"><h3 class='slide-entry-title entry-title '  itemprop=\"headline\" ><a href='https:\/\/www.amvmeca.com\/fr\/actus\/fabrication-et-affutage-de-lames-industrielles' title='Certificat OFG fabrication, aff\u00fbtage de lames industrielles'>Certificat OFG fabrication, aff\u00fbtage de lames industrielles<\/a><\/h3><span class=\"av-vertical-delimiter\"><\/span><\/header><div class=\"slide-meta\"><time class='slide-meta-time updated'  itemprop=\"datePublished\" datetime=\"2025-11-12T10:26:16+01:00\" >12 novembre 2025<\/time><\/div><div class='slide-entry-excerpt entry-content'  itemprop=\"text\" >AMV MECA, sp\u00e9cialiste de la fabrication de lames industrielles et de l\u2019aff\u00fbtage, vient de renouveler sa certification Origine France Garantie, un engagement garanti depuis 2012 !<div class=\"read-more-link\"><a href=\"https:\/\/www.amvmeca.com\/fr\/actus\/fabrication-et-affutage-de-lames-industrielles\" class=\"more-link\">Lire la suite<span class='more-link-arrow avia-svg-icon avia-font-svg_entypo-fontello' data-av_svg_icon='right-open-big' data-av_iconset='svg_entypo-fontello'><svg version=\"1.1\" xmlns=\"http:\/\/www.w3.org\/2000\/svg\" width=\"15\" height=\"32\" viewBox=\"0 0 15 32\" preserveAspectRatio=\"xMidYMid meet\" role=\"graphics-symbol\" aria-hidden=\"true\">\n<path d=\"M0.416 27.84l11.456-11.84-11.456-11.904q-0.832-0.832 0-1.536 0.832-0.832 1.536 0l12.544 12.608q0.768 0.832 0 1.6l-12.544 12.608q-0.704 0.832-1.536 0-0.832-0.704 0-1.536z\"><\/path>\n<\/svg><\/span><\/a><\/div><\/div><\/div><footer class=\"entry-footer\"><\/footer><span class='hidden'>\n\t\t\t\t<span class='av-structured-data'  itemprop=\"image\" itemscope=\"itemscope\" itemtype=\"https:\/\/schema.org\/ImageObject\" >\n\t\t\t\t\t\t<span itemprop='url'>https:\/\/www.amvmeca.com\/wp-content\/uploads\/2025\/11\/image001.png<\/span>\n\t\t\t\t\t\t<span itemprop='height'>512<\/span>\n\t\t\t\t\t\t<span itemprop='width'>707<\/span>\n\t\t\t\t<\/span>\n\t\t\t\t<span class='av-structured-data'  itemprop=\"publisher\" itemtype=\"https:\/\/schema.org\/Organization\" itemscope=\"itemscope\" >\n\t\t\t\t\t\t<span itemprop='name'>Laurence Magaud<\/span>\n\t\t\t\t\t\t<span itemprop='logo' itemscope itemtype='https:\/\/schema.org\/ImageObject'>\n\t\t\t\t\t\t\t<span itemprop='url'>https:\/\/www.amvmeca.com\/wp-content\/uploads\/2024\/09\/logo.png<\/span>\n\t\t\t\t\t\t<\/span>\n\t\t\t\t<\/span><span class='av-structured-data'  itemprop=\"author\" itemscope=\"itemscope\" itemtype=\"https:\/\/schema.org\/Person\" ><span itemprop='name'>Laurence Magaud<\/span><\/span><span class='av-structured-data'  itemprop=\"datePublished\" datetime=\"2024-09-30T17:02:31+02:00\" >2025-11-12 10:26:16<\/span><span class='av-structured-data'  itemprop=\"dateModified\" itemtype=\"https:\/\/schema.org\/dateModified\" >2026-01-16 17:08:06<\/span><span class='av-structured-data'  itemprop=\"mainEntityOfPage\" itemtype=\"https:\/\/schema.org\/mainEntityOfPage\" ><span itemprop='name'>Certificat OFG fabrication, aff\u00fbtage de lames industrielles<\/span><\/span><\/span><\/article><article class='slide-entry flex_column  post-entry post-entry-632 slide-entry-overview slide-loop-2 slide-parity-even  av_one_third  real-thumbnail posttype-post post-format-standard'  itemscope=\"itemscope\" itemtype=\"https:\/\/schema.org\/CreativeWork\" ><a href='https:\/\/www.amvmeca.com\/fr\/actus\/affutage-de-lames-un-savoir-faire-base-en-haute-loire' data-rel='slide-1' class='slide-image' title='Aff\u00fbtage de lames, un savoir-faire bas\u00e9 en Haute-Loire'><img decoding=\"async\" fetchpriority=\"high\" width=\"495\" height=\"400\" src=\"https:\/\/www.amvmeca.com\/wp-content\/uploads\/2024\/10\/affutage-lames-e1729520792228-495x400.jpg\" class=\"wp-image-517 avia-img-lazy-loading-not-517 attachment-portfolio size-portfolio wp-post-image\" alt=\"affutage lames\" srcset=\"https:\/\/www.amvmeca.com\/wp-content\/uploads\/2024\/10\/affutage-lames-e1729520792228-495x400.jpg 495w, https:\/\/www.amvmeca.com\/wp-content\/uploads\/2024\/10\/affutage-lames-e1729520792228-845x684.jpg 845w\" sizes=\"(max-width: 495px) 100vw, 495px\" \/><\/a><div class=\"slide-content\"><header class=\"entry-content-header\" aria-label=\"Slide: Aff\u00fbtage de lames, un savoir-faire bas\u00e9 en Haute-Loire\"><h3 class='slide-entry-title entry-title '  itemprop=\"headline\" ><a href='https:\/\/www.amvmeca.com\/fr\/actus\/affutage-de-lames-un-savoir-faire-base-en-haute-loire' title='Aff\u00fbtage de lames, un savoir-faire bas\u00e9 en Haute-Loire'>Aff\u00fbtage de lames, un savoir-faire bas\u00e9 en Haute-Loire<\/a><\/h3><span class=\"av-vertical-delimiter\"><\/span><\/header><div class=\"slide-meta\"><time class='slide-meta-time updated'  itemprop=\"datePublished\" datetime=\"2025-10-12T11:30:18+02:00\" >12 octobre 2025<\/time><\/div><div class='slide-entry-excerpt entry-content'  itemprop=\"text\" >En Haute-Loire, l\u2019aff\u00fbtage de lames industrielles est une comp\u00e9tence essentielle pour les secteurs du bois, de l\u2019agroalimentaire, de la menuiserie et de l\u2019industrie<div class=\"read-more-link\"><a href=\"https:\/\/www.amvmeca.com\/fr\/actus\/affutage-de-lames-un-savoir-faire-base-en-haute-loire\" class=\"more-link\">Lire la suite<span class='more-link-arrow avia-svg-icon avia-font-svg_entypo-fontello' data-av_svg_icon='right-open-big' data-av_iconset='svg_entypo-fontello'><svg version=\"1.1\" xmlns=\"http:\/\/www.w3.org\/2000\/svg\" width=\"15\" height=\"32\" viewBox=\"0 0 15 32\" preserveAspectRatio=\"xMidYMid meet\" role=\"graphics-symbol\" aria-hidden=\"true\">\n<path d=\"M0.416 27.84l11.456-11.84-11.456-11.904q-0.832-0.832 0-1.536 0.832-0.832 1.536 0l12.544 12.608q0.768 0.832 0 1.6l-12.544 12.608q-0.704 0.832-1.536 0-0.832-0.704 0-1.536z\"><\/path>\n<\/svg><\/span><\/a><\/div><\/div><\/div><footer class=\"entry-footer\"><\/footer><span class='hidden'>\n\t\t\t\t<span class='av-structured-data'  itemprop=\"image\" itemscope=\"itemscope\" itemtype=\"https:\/\/schema.org\/ImageObject\" >\n\t\t\t\t\t\t<span itemprop='url'>https:\/\/www.amvmeca.com\/wp-content\/uploads\/2024\/10\/affutage-lames-e1729520792228.jpg<\/span>\n\t\t\t\t\t\t<span itemprop='height'>1097<\/span>\n\t\t\t\t\t\t<span itemprop='width'>1081<\/span>\n\t\t\t\t<\/span>\n\t\t\t\t<span class='av-structured-data'  itemprop=\"publisher\" itemtype=\"https:\/\/schema.org\/Organization\" itemscope=\"itemscope\" >\n\t\t\t\t\t\t<span itemprop='name'>Laurence Magaud<\/span>\n\t\t\t\t\t\t<span itemprop='logo' itemscope itemtype='https:\/\/schema.org\/ImageObject'>\n\t\t\t\t\t\t\t<span itemprop='url'>https:\/\/www.amvmeca.com\/wp-content\/uploads\/2024\/09\/logo.png<\/span>\n\t\t\t\t\t\t<\/span>\n\t\t\t\t<\/span><span class='av-structured-data'  itemprop=\"author\" itemscope=\"itemscope\" itemtype=\"https:\/\/schema.org\/Person\" ><span itemprop='name'>Laurence Magaud<\/span><\/span><span class='av-structured-data'  itemprop=\"datePublished\" datetime=\"2024-09-30T17:02:31+02:00\" >2025-10-12 11:30:18<\/span><span class='av-structured-data'  itemprop=\"dateModified\" itemtype=\"https:\/\/schema.org\/dateModified\" >2026-01-19 17:31:41<\/span><span class='av-structured-data'  itemprop=\"mainEntityOfPage\" itemtype=\"https:\/\/schema.org\/mainEntityOfPage\" ><span itemprop='name'>Aff\u00fbtage de lames, un savoir-faire bas\u00e9 en Haute-Loire<\/span><\/span><\/span><\/article><article class='slide-entry flex_column  post-entry post-entry-597 slide-entry-overview slide-loop-3 slide-parity-odd  av_one_third  real-thumbnail posttype-post post-format-standard'  itemscope=\"itemscope\" itemtype=\"https:\/\/schema.org\/CreativeWork\" ><a href='https:\/\/www.amvmeca.com\/fr\/actus\/affutage-reparation-de-lames' data-rel='slide-1' class='slide-image' title='Affutage et r\u00e9parations de lames : une solution alternative'><img decoding=\"async\" fetchpriority=\"high\" width=\"495\" height=\"400\" src=\"https:\/\/www.amvmeca.com\/wp-content\/uploads\/2025\/06\/5-juin-journee-mondiale-environnement-AMV-495x400.jpg\" class=\"wp-image-598 avia-img-lazy-loading-not-598 attachment-portfolio size-portfolio wp-post-image\" alt=\"\" srcset=\"https:\/\/www.amvmeca.com\/wp-content\/uploads\/2025\/06\/5-juin-journee-mondiale-environnement-AMV-495x400.jpg 495w, https:\/\/www.amvmeca.com\/wp-content\/uploads\/2025\/06\/5-juin-journee-mondiale-environnement-AMV-845x684.jpg 845w\" sizes=\"(max-width: 495px) 100vw, 495px\" \/><\/a><div class=\"slide-content\"><header class=\"entry-content-header\" aria-label=\"Slide: Affutage et r\u00e9parations de lames : une solution alternative\"><h3 class='slide-entry-title entry-title '  itemprop=\"headline\" ><a href='https:\/\/www.amvmeca.com\/fr\/actus\/affutage-reparation-de-lames' title='Affutage et r\u00e9parations de lames : une solution alternative'>Affutage et r\u00e9parations de lames : une solution alternative<\/a><\/h3><span class=\"av-vertical-delimiter\"><\/span><\/header><div class=\"slide-meta\"><time class='slide-meta-time updated'  itemprop=\"datePublished\" datetime=\"2025-06-04T12:21:39+02:00\" >4 juin 2025<\/time><\/div><div class='slide-entry-excerpt entry-content'  itemprop=\"text\" >A l'occasion de la journ\u00e9e mondiale de l'environnement, focus sur l'affutage et r\u00e9paration de lames.<div class=\"read-more-link\"><a href=\"https:\/\/www.amvmeca.com\/fr\/actus\/affutage-reparation-de-lames\" class=\"more-link\">Lire la suite<span class='more-link-arrow avia-svg-icon avia-font-svg_entypo-fontello' data-av_svg_icon='right-open-big' data-av_iconset='svg_entypo-fontello'><svg version=\"1.1\" xmlns=\"http:\/\/www.w3.org\/2000\/svg\" width=\"15\" height=\"32\" viewBox=\"0 0 15 32\" preserveAspectRatio=\"xMidYMid meet\" role=\"graphics-symbol\" aria-hidden=\"true\">\n<path d=\"M0.416 27.84l11.456-11.84-11.456-11.904q-0.832-0.832 0-1.536 0.832-0.832 1.536 0l12.544 12.608q0.768 0.832 0 1.6l-12.544 12.608q-0.704 0.832-1.536 0-0.832-0.704 0-1.536z\"><\/path>\n<\/svg><\/span><\/a><\/div><\/div><\/div><footer class=\"entry-footer\"><\/footer><span class='hidden'>\n\t\t\t\t<span class='av-structured-data'  itemprop=\"image\" itemscope=\"itemscope\" itemtype=\"https:\/\/schema.org\/ImageObject\" >\n\t\t\t\t\t\t<span itemprop='url'>https:\/\/www.amvmeca.com\/wp-content\/uploads\/2025\/06\/5-juin-journee-mondiale-environnement-AMV.jpg<\/span>\n\t\t\t\t\t\t<span itemprop='height'>1414<\/span>\n\t\t\t\t\t\t<span itemprop='width'>2000<\/span>\n\t\t\t\t<\/span>\n\t\t\t\t<span class='av-structured-data'  itemprop=\"publisher\" itemtype=\"https:\/\/schema.org\/Organization\" itemscope=\"itemscope\" >\n\t\t\t\t\t\t<span itemprop='name'>Laurence Magaud<\/span>\n\t\t\t\t\t\t<span itemprop='logo' itemscope itemtype='https:\/\/schema.org\/ImageObject'>\n\t\t\t\t\t\t\t<span itemprop='url'>https:\/\/www.amvmeca.com\/wp-content\/uploads\/2024\/09\/logo.png<\/span>\n\t\t\t\t\t\t<\/span>\n\t\t\t\t<\/span><span class='av-structured-data'  itemprop=\"author\" itemscope=\"itemscope\" itemtype=\"https:\/\/schema.org\/Person\" ><span itemprop='name'>Laurence Magaud<\/span><\/span><span class='av-structured-data'  itemprop=\"datePublished\" datetime=\"2024-09-30T17:02:31+02:00\" >2025-06-04 12:21:39<\/span><span class='av-structured-data'  itemprop=\"dateModified\" itemtype=\"https:\/\/schema.org\/dateModified\" >2025-06-04 12:29:45<\/span><span class='av-structured-data'  itemprop=\"mainEntityOfPage\" itemtype=\"https:\/\/schema.org\/mainEntityOfPage\" ><span itemprop='name'>Affutage et r\u00e9parations de lames : une solution alternative<\/span><\/span><\/span><\/article><\/div><div class=\"slide-entry-wrap\"><article class='slide-entry flex_column  post-entry post-entry-579 slide-entry-overview slide-loop-4 slide-parity-odd  av_one_third first real-thumbnail posttype-post post-format-standard'  itemscope=\"itemscope\" itemtype=\"https:\/\/schema.org\/CreativeWork\" ><a href='https:\/\/www.amvmeca.com\/fr\/actus\/fabrication-de-lames-pour-la-decoupe-de-sacs' data-rel='slide-1' class='slide-image' title='Fabrication de lames pour la d\u00e9coupe de sacs'><img decoding=\"async\" fetchpriority=\"high\" width=\"495\" height=\"400\" src=\"https:\/\/www.amvmeca.com\/wp-content\/uploads\/2025\/06\/video-decoupe-sacs-495x400.jpg\" class=\"wp-image-583 avia-img-lazy-loading-not-583 attachment-portfolio size-portfolio wp-post-image\" alt=\"\" srcset=\"https:\/\/www.amvmeca.com\/wp-content\/uploads\/2025\/06\/video-decoupe-sacs-495x400.jpg 495w, https:\/\/www.amvmeca.com\/wp-content\/uploads\/2025\/06\/video-decoupe-sacs-845x684.jpg 845w\" sizes=\"(max-width: 495px) 100vw, 495px\" \/><\/a><div class=\"slide-content\"><header class=\"entry-content-header\" aria-label=\"Slide: Fabrication de lames pour la d\u00e9coupe de sacs\"><h3 class='slide-entry-title entry-title '  itemprop=\"headline\" ><a href='https:\/\/www.amvmeca.com\/fr\/actus\/fabrication-de-lames-pour-la-decoupe-de-sacs' title='Fabrication de lames pour la d\u00e9coupe de sacs'>Fabrication de lames pour la d\u00e9coupe de sacs<\/a><\/h3><span class=\"av-vertical-delimiter\"><\/span><\/header><div class=\"slide-meta\"><time class='slide-meta-time updated'  itemprop=\"datePublished\" datetime=\"2025-06-04T12:08:18+02:00\" >4 juin 2025<\/time><\/div><div class='slide-entry-excerpt entry-content'  itemprop=\"text\" >Dans cette vid\u00e9o de 30 secondes, vous aurez un aper\u00e7u, en direct de l'atelier, des lames que nous avons fabriqu\u00e9es pour la d\u00e9coupe de sacs.<div class=\"read-more-link\"><a href=\"https:\/\/www.amvmeca.com\/fr\/actus\/fabrication-de-lames-pour-la-decoupe-de-sacs\" class=\"more-link\">Lire la suite<span class='more-link-arrow avia-svg-icon avia-font-svg_entypo-fontello' data-av_svg_icon='right-open-big' data-av_iconset='svg_entypo-fontello'><svg version=\"1.1\" xmlns=\"http:\/\/www.w3.org\/2000\/svg\" width=\"15\" height=\"32\" viewBox=\"0 0 15 32\" preserveAspectRatio=\"xMidYMid meet\" role=\"graphics-symbol\" aria-hidden=\"true\">\n<path d=\"M0.416 27.84l11.456-11.84-11.456-11.904q-0.832-0.832 0-1.536 0.832-0.832 1.536 0l12.544 12.608q0.768 0.832 0 1.6l-12.544 12.608q-0.704 0.832-1.536 0-0.832-0.704 0-1.536z\"><\/path>\n<\/svg><\/span><\/a><\/div><\/div><\/div><footer class=\"entry-footer\"><\/footer><span class='hidden'>\n\t\t\t\t<span class='av-structured-data'  itemprop=\"image\" itemscope=\"itemscope\" itemtype=\"https:\/\/schema.org\/ImageObject\" >\n\t\t\t\t\t\t<span itemprop='url'>https:\/\/www.amvmeca.com\/wp-content\/uploads\/2025\/06\/video-decoupe-sacs.jpg<\/span>\n\t\t\t\t\t\t<span itemprop='height'>2072<\/span>\n\t\t\t\t\t\t<span itemprop='width'>2086<\/span>\n\t\t\t\t<\/span>\n\t\t\t\t<span class='av-structured-data'  itemprop=\"publisher\" itemtype=\"https:\/\/schema.org\/Organization\" itemscope=\"itemscope\" >\n\t\t\t\t\t\t<span itemprop='name'>Laurence Magaud<\/span>\n\t\t\t\t\t\t<span itemprop='logo' itemscope itemtype='https:\/\/schema.org\/ImageObject'>\n\t\t\t\t\t\t\t<span itemprop='url'>https:\/\/www.amvmeca.com\/wp-content\/uploads\/2024\/09\/logo.png<\/span>\n\t\t\t\t\t\t<\/span>\n\t\t\t\t<\/span><span class='av-structured-data'  itemprop=\"author\" itemscope=\"itemscope\" itemtype=\"https:\/\/schema.org\/Person\" ><span itemprop='name'>Laurence Magaud<\/span><\/span><span class='av-structured-data'  itemprop=\"datePublished\" datetime=\"2024-09-30T17:02:31+02:00\" >2025-06-04 12:08:18<\/span><span class='av-structured-data'  itemprop=\"dateModified\" itemtype=\"https:\/\/schema.org\/dateModified\" >2025-06-04 12:08:18<\/span><span class='av-structured-data'  itemprop=\"mainEntityOfPage\" itemtype=\"https:\/\/schema.org\/mainEntityOfPage\" ><span itemprop='name'>Fabrication de lames pour la d\u00e9coupe de sacs<\/span><\/span><\/span><\/article><article class='slide-entry flex_column  post-entry post-entry-568 slide-entry-overview slide-loop-5 slide-parity-even  av_one_third  real-thumbnail posttype-post post-format-standard'  itemscope=\"itemscope\" itemtype=\"https:\/\/schema.org\/CreativeWork\" ><a href='https:\/\/www.amvmeca.com\/fr\/actus\/fabrication-demporte-pieces' data-rel='slide-1' class='slide-image' title='Fabrication d&#8217;emporte-pi\u00e8ces'><img decoding=\"async\" fetchpriority=\"high\" width=\"495\" height=\"400\" src=\"https:\/\/www.amvmeca.com\/wp-content\/uploads\/2025\/05\/emporte-piece-industrie-495x400.png\" class=\"wp-image-574 avia-img-lazy-loading-not-574 attachment-portfolio size-portfolio wp-post-image\" alt=\"\" \/><\/a><div class=\"slide-content\"><header class=\"entry-content-header\" aria-label=\"Slide: Fabrication d&#039;emporte-pi\u00e8ces\"><h3 class='slide-entry-title entry-title '  itemprop=\"headline\" ><a href='https:\/\/www.amvmeca.com\/fr\/actus\/fabrication-demporte-pieces' title='Fabrication d&#8217;emporte-pi\u00e8ces'>Fabrication d&#8217;emporte-pi\u00e8ces<\/a><\/h3><span class=\"av-vertical-delimiter\"><\/span><\/header><div class=\"slide-meta\"><time class='slide-meta-time updated'  itemprop=\"datePublished\" datetime=\"2025-05-02T17:13:16+02:00\" >2 mai 2025<\/time><\/div><div class='slide-entry-excerpt entry-content'  itemprop=\"text\" >Illustration de notre savoir-faire autour des emporte-pi\u00e8ces<div class=\"read-more-link\"><a href=\"https:\/\/www.amvmeca.com\/fr\/actus\/fabrication-demporte-pieces\" class=\"more-link\">Lire la suite<span class='more-link-arrow avia-svg-icon avia-font-svg_entypo-fontello' data-av_svg_icon='right-open-big' data-av_iconset='svg_entypo-fontello'><svg version=\"1.1\" xmlns=\"http:\/\/www.w3.org\/2000\/svg\" width=\"15\" height=\"32\" viewBox=\"0 0 15 32\" preserveAspectRatio=\"xMidYMid meet\" role=\"graphics-symbol\" aria-hidden=\"true\">\n<path d=\"M0.416 27.84l11.456-11.84-11.456-11.904q-0.832-0.832 0-1.536 0.832-0.832 1.536 0l12.544 12.608q0.768 0.832 0 1.6l-12.544 12.608q-0.704 0.832-1.536 0-0.832-0.704 0-1.536z\"><\/path>\n<\/svg><\/span><\/a><\/div><\/div><\/div><footer class=\"entry-footer\"><\/footer><span class='hidden'>\n\t\t\t\t<span class='av-structured-data'  itemprop=\"image\" itemscope=\"itemscope\" itemtype=\"https:\/\/schema.org\/ImageObject\" >\n\t\t\t\t\t\t<span itemprop='url'>https:\/\/www.amvmeca.com\/wp-content\/uploads\/2025\/05\/emporte-piece-industrie.png<\/span>\n\t\t\t\t\t\t<span itemprop='height'>578<\/span>\n\t\t\t\t\t\t<span itemprop='width'>889<\/span>\n\t\t\t\t<\/span>\n\t\t\t\t<span class='av-structured-data'  itemprop=\"publisher\" itemtype=\"https:\/\/schema.org\/Organization\" itemscope=\"itemscope\" >\n\t\t\t\t\t\t<span itemprop='name'>Laurence Magaud<\/span>\n\t\t\t\t\t\t<span itemprop='logo' itemscope itemtype='https:\/\/schema.org\/ImageObject'>\n\t\t\t\t\t\t\t<span itemprop='url'>https:\/\/www.amvmeca.com\/wp-content\/uploads\/2024\/09\/logo.png<\/span>\n\t\t\t\t\t\t<\/span>\n\t\t\t\t<\/span><span class='av-structured-data'  itemprop=\"author\" itemscope=\"itemscope\" itemtype=\"https:\/\/schema.org\/Person\" ><span itemprop='name'>Laurence Magaud<\/span><\/span><span class='av-structured-data'  itemprop=\"datePublished\" datetime=\"2024-09-30T17:02:31+02:00\" >2025-05-02 17:13:16<\/span><span class='av-structured-data'  itemprop=\"dateModified\" itemtype=\"https:\/\/schema.org\/dateModified\" >2025-06-03 09:59:11<\/span><span class='av-structured-data'  itemprop=\"mainEntityOfPage\" itemtype=\"https:\/\/schema.org\/mainEntityOfPage\" ><span itemprop='name'>Fabrication d&#8217;emporte-pi\u00e8ces<\/span><\/span><\/span><\/article><article class='slide-entry flex_column  post-entry post-entry-561 slide-entry-overview slide-loop-6 slide-parity-odd  av_one_third  real-thumbnail posttype-post post-format-standard'  itemscope=\"itemscope\" itemtype=\"https:\/\/schema.org\/CreativeWork\" ><a href='https:\/\/www.amvmeca.com\/fr\/actus\/lames-industrielles-4-lames-de-coupe-pour-machine-speciale' data-rel='slide-1' class='slide-image' title='Lames industrielles : 4 lames de coupe pour machine sp\u00e9ciale'><img decoding=\"async\" fetchpriority=\"high\" width=\"495\" height=\"400\" src=\"https:\/\/www.amvmeca.com\/wp-content\/uploads\/2025\/05\/1-20241217_115534-495x400.jpg\" class=\"wp-image-562 avia-img-lazy-loading-not-562 attachment-portfolio size-portfolio wp-post-image\" alt=\"Lames coupe machine sp\u00e9ciale\" srcset=\"https:\/\/www.amvmeca.com\/wp-content\/uploads\/2025\/05\/1-20241217_115534-495x400.jpg 495w, https:\/\/www.amvmeca.com\/wp-content\/uploads\/2025\/05\/1-20241217_115534-845x684.jpg 845w\" sizes=\"(max-width: 495px) 100vw, 495px\" \/><\/a><div class=\"slide-content\"><header class=\"entry-content-header\" aria-label=\"Slide: Lames industrielles : 4 lames de coupe pour machine sp\u00e9ciale\"><h3 class='slide-entry-title entry-title '  itemprop=\"headline\" ><a href='https:\/\/www.amvmeca.com\/fr\/actus\/lames-industrielles-4-lames-de-coupe-pour-machine-speciale' title='Lames industrielles : 4 lames de coupe pour machine sp\u00e9ciale'>Lames industrielles : 4 lames de coupe pour machine sp\u00e9ciale<\/a><\/h3><span class=\"av-vertical-delimiter\"><\/span><\/header><div class=\"slide-meta\"><time class='slide-meta-time updated'  itemprop=\"datePublished\" datetime=\"2025-05-02T17:06:44+02:00\" >2 mai 2025<\/time><\/div><div class='slide-entry-excerpt entry-content'  itemprop=\"text\" >En direct de l'atelier : Jeu de 4 lames de d\u00e9coupe pour une machine sp\u00e9ciale. \r\nQuelques images et quelques d\u00e9tails techniques.<div class=\"read-more-link\"><a href=\"https:\/\/www.amvmeca.com\/fr\/actus\/lames-industrielles-4-lames-de-coupe-pour-machine-speciale\" class=\"more-link\">Lire la suite<span class='more-link-arrow avia-svg-icon avia-font-svg_entypo-fontello' data-av_svg_icon='right-open-big' data-av_iconset='svg_entypo-fontello'><svg version=\"1.1\" xmlns=\"http:\/\/www.w3.org\/2000\/svg\" width=\"15\" height=\"32\" viewBox=\"0 0 15 32\" preserveAspectRatio=\"xMidYMid meet\" role=\"graphics-symbol\" aria-hidden=\"true\">\n<path d=\"M0.416 27.84l11.456-11.84-11.456-11.904q-0.832-0.832 0-1.536 0.832-0.832 1.536 0l12.544 12.608q0.768 0.832 0 1.6l-12.544 12.608q-0.704 0.832-1.536 0-0.832-0.704 0-1.536z\"><\/path>\n<\/svg><\/span><\/a><\/div><\/div><\/div><footer class=\"entry-footer\"><\/footer><span class='hidden'>\n\t\t\t\t<span class='av-structured-data'  itemprop=\"image\" itemscope=\"itemscope\" itemtype=\"https:\/\/schema.org\/ImageObject\" >\n\t\t\t\t\t\t<span itemprop='url'>https:\/\/www.amvmeca.com\/wp-content\/uploads\/2025\/05\/1-20241217_115534.jpg<\/span>\n\t\t\t\t\t\t<span itemprop='height'>1126<\/span>\n\t\t\t\t\t\t<span itemprop='width'>2000<\/span>\n\t\t\t\t<\/span>\n\t\t\t\t<span class='av-structured-data'  itemprop=\"publisher\" itemtype=\"https:\/\/schema.org\/Organization\" itemscope=\"itemscope\" >\n\t\t\t\t\t\t<span itemprop='name'>Laurence Magaud<\/span>\n\t\t\t\t\t\t<span itemprop='logo' itemscope itemtype='https:\/\/schema.org\/ImageObject'>\n\t\t\t\t\t\t\t<span itemprop='url'>https:\/\/www.amvmeca.com\/wp-content\/uploads\/2024\/09\/logo.png<\/span>\n\t\t\t\t\t\t<\/span>\n\t\t\t\t<\/span><span class='av-structured-data'  itemprop=\"author\" itemscope=\"itemscope\" itemtype=\"https:\/\/schema.org\/Person\" ><span itemprop='name'>Laurence Magaud<\/span><\/span><span class='av-structured-data'  itemprop=\"datePublished\" datetime=\"2024-09-30T17:02:31+02:00\" >2025-05-02 17:06:44<\/span><span class='av-structured-data'  itemprop=\"dateModified\" itemtype=\"https:\/\/schema.org\/dateModified\" >2025-06-03 10:06:14<\/span><span class='av-structured-data'  itemprop=\"mainEntityOfPage\" itemtype=\"https:\/\/schema.org\/mainEntityOfPage\" ><span itemprop='name'>Lames industrielles : 4 lames de coupe pour machine sp\u00e9ciale<\/span><\/span><\/span><\/article><\/div><div class=\"slide-entry-wrap\"><article class='slide-entry flex_column  post-entry post-entry-516 slide-entry-overview slide-loop-7 slide-parity-odd  av_one_third first real-thumbnail posttype-post post-format-standard'  itemscope=\"itemscope\" itemtype=\"https:\/\/schema.org\/CreativeWork\" ><a href='https:\/\/www.amvmeca.com\/fr\/actus\/affutage-de-lames-une-solution-durable' data-rel='slide-1' class='slide-image' title='Affutage de lames : une solution durable'><img decoding=\"async\" fetchpriority=\"high\" width=\"495\" height=\"400\" src=\"https:\/\/www.amvmeca.com\/wp-content\/uploads\/2024\/10\/affutage-lames-e1729520792228-495x400.jpg\" class=\"wp-image-517 avia-img-lazy-loading-not-517 attachment-portfolio size-portfolio wp-post-image\" alt=\"affutage lames\" srcset=\"https:\/\/www.amvmeca.com\/wp-content\/uploads\/2024\/10\/affutage-lames-e1729520792228-495x400.jpg 495w, https:\/\/www.amvmeca.com\/wp-content\/uploads\/2024\/10\/affutage-lames-e1729520792228-845x684.jpg 845w\" sizes=\"(max-width: 495px) 100vw, 495px\" \/><\/a><div class=\"slide-content\"><header class=\"entry-content-header\" aria-label=\"Slide: Affutage de lames : une solution durable\"><h3 class='slide-entry-title entry-title '  itemprop=\"headline\" ><a href='https:\/\/www.amvmeca.com\/fr\/actus\/affutage-de-lames-une-solution-durable' title='Affutage de lames : une solution durable'>Affutage de lames : une solution durable<\/a><\/h3><span class=\"av-vertical-delimiter\"><\/span><\/header><div class=\"slide-meta\"><time class='slide-meta-time updated'  itemprop=\"datePublished\" datetime=\"2024-10-21T16:33:47+02:00\" >21 octobre 2024<\/time><\/div><div class='slide-entry-excerpt entry-content'  itemprop=\"text\" >Il n'est pas toujours n\u00e9cessaire de commander des lames neuves : AMV MECA vous pr\u00e9conise, lorsque c'est possible, d'affuter vos lames pour prolonger leur dur\u00e9e de vie ! C'est aussi cela, la coupe durable !<div class=\"read-more-link\"><a href=\"https:\/\/www.amvmeca.com\/fr\/actus\/affutage-de-lames-une-solution-durable\" class=\"more-link\">Lire la suite<span class='more-link-arrow avia-svg-icon avia-font-svg_entypo-fontello' data-av_svg_icon='right-open-big' data-av_iconset='svg_entypo-fontello'><svg version=\"1.1\" xmlns=\"http:\/\/www.w3.org\/2000\/svg\" width=\"15\" height=\"32\" viewBox=\"0 0 15 32\" preserveAspectRatio=\"xMidYMid meet\" role=\"graphics-symbol\" aria-hidden=\"true\">\n<path d=\"M0.416 27.84l11.456-11.84-11.456-11.904q-0.832-0.832 0-1.536 0.832-0.832 1.536 0l12.544 12.608q0.768 0.832 0 1.6l-12.544 12.608q-0.704 0.832-1.536 0-0.832-0.704 0-1.536z\"><\/path>\n<\/svg><\/span><\/a><\/div><\/div><\/div><footer class=\"entry-footer\"><\/footer><span class='hidden'>\n\t\t\t\t<span class='av-structured-data'  itemprop=\"image\" itemscope=\"itemscope\" itemtype=\"https:\/\/schema.org\/ImageObject\" >\n\t\t\t\t\t\t<span itemprop='url'>https:\/\/www.amvmeca.com\/wp-content\/uploads\/2024\/10\/affutage-lames-e1729520792228.jpg<\/span>\n\t\t\t\t\t\t<span itemprop='height'>1097<\/span>\n\t\t\t\t\t\t<span itemprop='width'>1081<\/span>\n\t\t\t\t<\/span>\n\t\t\t\t<span class='av-structured-data'  itemprop=\"publisher\" itemtype=\"https:\/\/schema.org\/Organization\" itemscope=\"itemscope\" >\n\t\t\t\t\t\t<span itemprop='name'>Laurence Magaud<\/span>\n\t\t\t\t\t\t<span itemprop='logo' itemscope itemtype='https:\/\/schema.org\/ImageObject'>\n\t\t\t\t\t\t\t<span itemprop='url'>https:\/\/www.amvmeca.com\/wp-content\/uploads\/2024\/09\/logo.png<\/span>\n\t\t\t\t\t\t<\/span>\n\t\t\t\t<\/span><span class='av-structured-data'  itemprop=\"author\" itemscope=\"itemscope\" itemtype=\"https:\/\/schema.org\/Person\" ><span itemprop='name'>Laurence Magaud<\/span><\/span><span class='av-structured-data'  itemprop=\"datePublished\" datetime=\"2024-09-30T17:02:31+02:00\" >2024-10-21 16:33:47<\/span><span class='av-structured-data'  itemprop=\"dateModified\" itemtype=\"https:\/\/schema.org\/dateModified\" >2025-02-05 11:32:21<\/span><span class='av-structured-data'  itemprop=\"mainEntityOfPage\" itemtype=\"https:\/\/schema.org\/mainEntityOfPage\" ><span itemprop='name'>Affutage de lames : une solution durable<\/span><\/span><\/span><\/article><article class='slide-entry flex_column  post-entry post-entry-371 slide-entry-overview slide-loop-8 slide-parity-even  av_one_third  real-thumbnail posttype-post post-format-standard'  itemscope=\"itemscope\" itemtype=\"https:\/\/schema.org\/CreativeWork\" ><a href='https:\/\/www.amvmeca.com\/fr\/actus\/43-lames-et-outils-coupants-pour-l-industrie-textile-video' data-rel='slide-1' class='slide-image' title='Lames et outils coupants pour l&rsquo;industrie textile : vid\u00e9o'><img decoding=\"async\" fetchpriority=\"high\" width=\"495\" height=\"400\" src=\"https:\/\/www.amvmeca.com\/wp-content\/uploads\/dynamic_avia\/avia_video_thumbnails\/youtube\/9NkRl-_UOvE\/9NkRl-_UOvE-495x400.jpg\" class=\"wp-image-372 avia-img-lazy-loading-not-372 attachment-portfolio size-portfolio wp-post-image\" alt=\"\u00c9tude outils de coupe\" srcset=\"https:\/\/www.amvmeca.com\/wp-content\/uploads\/dynamic_avia\/avia_video_thumbnails\/youtube\/9NkRl-_UOvE\/9NkRl-_UOvE-495x400.jpg 495w, https:\/\/www.amvmeca.com\/wp-content\/uploads\/dynamic_avia\/avia_video_thumbnails\/youtube\/9NkRl-_UOvE\/9NkRl-_UOvE-845x684.jpg 845w\" sizes=\"(max-width: 495px) 100vw, 495px\" \/><\/a><div class=\"slide-content\"><header class=\"entry-content-header\" aria-label=\"Slide: Lames et outils coupants pour l&#039;industrie textile : vid\u00e9o\"><h3 class='slide-entry-title entry-title '  itemprop=\"headline\" ><a href='https:\/\/www.amvmeca.com\/fr\/actus\/43-lames-et-outils-coupants-pour-l-industrie-textile-video' title='Lames et outils coupants pour l&rsquo;industrie textile : vid\u00e9o'>Lames et outils coupants pour l&rsquo;industrie textile : vid\u00e9o<\/a><\/h3><span class=\"av-vertical-delimiter\"><\/span><\/header><div class=\"slide-meta\"><time class='slide-meta-time updated'  itemprop=\"datePublished\" datetime=\"2024-10-02T11:59:59+02:00\" >2 octobre 2024<\/time><\/div><div class='slide-entry-excerpt entry-content'  itemprop=\"text\" >Dans cette vid\u00e9o, AMV MECA illustre, \u00e0 travers la r\u00e9alisation d'une s\u00e9rie de lames dentel\u00e9es, son savoir-faire dans la fabrication de lames et outils coupants pour l'industrie textile.\r\nL'une des s\u00e9ries de lames parmi les plus difficiles que nous ayons r\u00e9alis\u00e9es<div class=\"read-more-link\"><a href=\"https:\/\/www.amvmeca.com\/fr\/actus\/43-lames-et-outils-coupants-pour-l-industrie-textile-video\" class=\"more-link\">Lire la suite<span class='more-link-arrow avia-svg-icon avia-font-svg_entypo-fontello' data-av_svg_icon='right-open-big' data-av_iconset='svg_entypo-fontello'><svg version=\"1.1\" xmlns=\"http:\/\/www.w3.org\/2000\/svg\" width=\"15\" height=\"32\" viewBox=\"0 0 15 32\" preserveAspectRatio=\"xMidYMid meet\" role=\"graphics-symbol\" aria-hidden=\"true\">\n<path d=\"M0.416 27.84l11.456-11.84-11.456-11.904q-0.832-0.832 0-1.536 0.832-0.832 1.536 0l12.544 12.608q0.768 0.832 0 1.6l-12.544 12.608q-0.704 0.832-1.536 0-0.832-0.704 0-1.536z\"><\/path>\n<\/svg><\/span><\/a><\/div><\/div><\/div><footer class=\"entry-footer\"><\/footer><span class='hidden'>\n\t\t\t\t<span class='av-structured-data'  itemprop=\"image\" itemscope=\"itemscope\" itemtype=\"https:\/\/schema.org\/ImageObject\" >\n\t\t\t\t\t\t<span itemprop='url'>https:\/\/www.amvmeca.com\/wp-content\/uploads\/dynamic_avia\/avia_video_thumbnails\/youtube\/9NkRl-_UOvE\/9NkRl-_UOvE.jpg<\/span>\n\t\t\t\t\t\t<span itemprop='height'>720<\/span>\n\t\t\t\t\t\t<span itemprop='width'>1280<\/span>\n\t\t\t\t<\/span>\n\t\t\t\t<span class='av-structured-data'  itemprop=\"publisher\" itemtype=\"https:\/\/schema.org\/Organization\" itemscope=\"itemscope\" >\n\t\t\t\t\t\t<span itemprop='name'>patrick<\/span>\n\t\t\t\t\t\t<span itemprop='logo' itemscope itemtype='https:\/\/schema.org\/ImageObject'>\n\t\t\t\t\t\t\t<span itemprop='url'>https:\/\/www.amvmeca.com\/wp-content\/uploads\/2024\/09\/logo.png<\/span>\n\t\t\t\t\t\t<\/span>\n\t\t\t\t<\/span><span class='av-structured-data'  itemprop=\"author\" itemscope=\"itemscope\" itemtype=\"https:\/\/schema.org\/Person\" ><span itemprop='name'>patrick<\/span><\/span><span class='av-structured-data'  itemprop=\"datePublished\" datetime=\"2024-09-30T17:02:31+02:00\" >2024-10-02 11:59:59<\/span><span class='av-structured-data'  itemprop=\"dateModified\" itemtype=\"https:\/\/schema.org\/dateModified\" >2024-10-08 11:02:37<\/span><span class='av-structured-data'  itemprop=\"mainEntityOfPage\" itemtype=\"https:\/\/schema.org\/mainEntityOfPage\" ><span itemprop='name'>Lames et outils coupants pour l&rsquo;industrie textile : vid\u00e9o<\/span><\/span><\/span><\/article><article class='slide-entry flex_column  post-entry post-entry-368 slide-entry-overview slide-loop-9 slide-parity-odd  post-entry-last  av_one_third  real-thumbnail posttype-post post-format-standard'  itemscope=\"itemscope\" itemtype=\"https:\/\/schema.org\/CreativeWork\" ><a href='https:\/\/www.amvmeca.com\/fr\/actus\/41-revue-de-presse-amv-continue-d-investir-et-innover' data-rel='slide-1' class='slide-image' title='Revue de presse : AMV continue d&rsquo;investir et d&rsquo;innover'><img decoding=\"async\" fetchpriority=\"high\" width=\"300\" height=\"236\" src=\"https:\/\/www.amvmeca.com\/wp-content\/uploads\/2024\/10\/presse-AMVMECA.jpg\" class=\"wp-image-270 avia-img-lazy-loading-not-270 attachment-portfolio size-portfolio wp-post-image\" alt=\"Presse\" \/><\/a><div class=\"slide-content\"><header class=\"entry-content-header\" aria-label=\"Slide: Revue de presse : AMV continue d&#039;investir et d&#039;innover\"><h3 class='slide-entry-title entry-title '  itemprop=\"headline\" ><a href='https:\/\/www.amvmeca.com\/fr\/actus\/41-revue-de-presse-amv-continue-d-investir-et-innover' title='Revue de presse : AMV continue d&rsquo;investir et d&rsquo;innover'>Revue de presse : AMV continue d&rsquo;investir et d&rsquo;innover<\/a><\/h3><span class=\"av-vertical-delimiter\"><\/span><\/header><div class=\"slide-meta\"><time class='slide-meta-time updated'  itemprop=\"datePublished\" datetime=\"2024-10-02T11:57:22+02:00\" >2 octobre 2024<\/time><\/div><div class='slide-entry-excerpt entry-content'  itemprop=\"text\" >Un bel article sur AMV MECA dans le Progr\u00e8s du 28 mars 2022, une belle mise en valeur du d\u00e9veloppement de la soci\u00e9t\u00e9 et de nos investissements<div class=\"read-more-link\"><a href=\"https:\/\/www.amvmeca.com\/fr\/actus\/41-revue-de-presse-amv-continue-d-investir-et-innover\" class=\"more-link\">Lire la suite<span class='more-link-arrow avia-svg-icon avia-font-svg_entypo-fontello' data-av_svg_icon='right-open-big' data-av_iconset='svg_entypo-fontello'><svg version=\"1.1\" xmlns=\"http:\/\/www.w3.org\/2000\/svg\" width=\"15\" height=\"32\" viewBox=\"0 0 15 32\" preserveAspectRatio=\"xMidYMid meet\" role=\"graphics-symbol\" aria-hidden=\"true\">\n<path d=\"M0.416 27.84l11.456-11.84-11.456-11.904q-0.832-0.832 0-1.536 0.832-0.832 1.536 0l12.544 12.608q0.768 0.832 0 1.6l-12.544 12.608q-0.704 0.832-1.536 0-0.832-0.704 0-1.536z\"><\/path>\n<\/svg><\/span><\/a><\/div><\/div><\/div><footer class=\"entry-footer\"><\/footer><span class='hidden'>\n\t\t\t\t<span class='av-structured-data'  itemprop=\"image\" itemscope=\"itemscope\" itemtype=\"https:\/\/schema.org\/ImageObject\" >\n\t\t\t\t\t\t<span itemprop='url'>https:\/\/www.amvmeca.com\/wp-content\/uploads\/2024\/10\/presse-AMVMECA.jpg<\/span>\n\t\t\t\t\t\t<span itemprop='height'>236<\/span>\n\t\t\t\t\t\t<span itemprop='width'>300<\/span>\n\t\t\t\t<\/span>\n\t\t\t\t<span class='av-structured-data'  itemprop=\"publisher\" itemtype=\"https:\/\/schema.org\/Organization\" itemscope=\"itemscope\" >\n\t\t\t\t\t\t<span itemprop='name'>patrick<\/span>\n\t\t\t\t\t\t<span itemprop='logo' itemscope itemtype='https:\/\/schema.org\/ImageObject'>\n\t\t\t\t\t\t\t<span itemprop='url'>https:\/\/www.amvmeca.com\/wp-content\/uploads\/2024\/09\/logo.png<\/span>\n\t\t\t\t\t\t<\/span>\n\t\t\t\t<\/span><span class='av-structured-data'  itemprop=\"author\" itemscope=\"itemscope\" itemtype=\"https:\/\/schema.org\/Person\" ><span itemprop='name'>patrick<\/span><\/span><span class='av-structured-data'  itemprop=\"datePublished\" datetime=\"2024-09-30T17:02:31+02:00\" >2024-10-02 11:57:22<\/span><span class='av-structured-data'  itemprop=\"dateModified\" itemtype=\"https:\/\/schema.org\/dateModified\" >2026-01-19 17:35:02<\/span><span class='av-structured-data'  itemprop=\"mainEntityOfPage\" itemtype=\"https:\/\/schema.org\/mainEntityOfPage\" ><span itemprop='name'>Revue de presse : AMV continue d&rsquo;investir et d&rsquo;innover<\/span><\/span><\/span><\/article><\/div><\/div><div class='pagination-wrap pagination-slider'><nav class='pagination'><span class='pagination-meta'>Page 1 sur 3<\/span><span class='current'>1<\/span><a href='https:\/\/www.amvmeca.com\/fr\/wp-json\/wp\/v2\/pages\/123?avia-element-paging=2' class='inactive next_page' >2<\/a><a href='https:\/\/www.amvmeca.com\/fr\/wp-json\/wp\/v2\/pages\/123?avia-element-paging=3' class='inactive' >3<\/a><\/nav>\n<\/div><\/div><\/div>\n","protected":false},"excerpt":{"rendered":"","protected":false},"author":1,"featured_media":0,"parent":0,"menu_order":0,"comment_status":"closed","ping_status":"closed","template":"","meta":{"footnotes":""},"class_list":["post-123","page","type-page","status-publish","hentry"],"_links":{"self":[{"href":"https:\/\/www.amvmeca.com\/fr\/wp-json\/wp\/v2\/pages\/123","targetHints":{"allow":["GET"]}}],"collection":[{"href":"https:\/\/www.amvmeca.com\/fr\/wp-json\/wp\/v2\/pages"}],"about":[{"href":"https:\/\/www.amvmeca.com\/fr\/wp-json\/wp\/v2\/types\/page"}],"author":[{"embeddable":true,"href":"https:\/\/www.amvmeca.com\/fr\/wp-json\/wp\/v2\/users\/1"}],"replies":[{"embeddable":true,"href":"https:\/\/www.amvmeca.com\/fr\/wp-json\/wp\/v2\/comments?post=123"}],"version-history":[{"count":2,"href":"https:\/\/www.amvmeca.com\/fr\/wp-json\/wp\/v2\/pages\/123\/revisions"}],"predecessor-version":[{"id":659,"href":"https:\/\/www.amvmeca.com\/fr\/wp-json\/wp\/v2\/pages\/123\/revisions\/659"}],"wp:attachment":[{"href":"https:\/\/www.amvmeca.com\/fr\/wp-json\/wp\/v2\/media?parent=123"}],"curies":[{"name":"wp","href":"https:\/\/api.w.org\/{rel}","templated":true}]}}